{"id":6208,"date":"2021-01-02T11:03:24","date_gmt":"2021-01-02T11:03:24","guid":{"rendered":"https:\/\/bakirci.com\/ekipman\/?post_type=product&#038;p=6208"},"modified":"2023-07-24T10:45:56","modified_gmt":"2023-07-24T10:45:56","slug":"sasi-ve-kaporta-duzeltme-sistemicelette-born-in-francerhone-l-mz","status":"publish","type":"product","link":"https:\/\/bakirci.com\/ekipman\/servis-ekipmanlari\/kaporta\/sasi-ve-karoseri-duzeltme\/sasi-ve-kaporta-duzeltme-sistemicelette-born-in-francerhone-l-mz\/","title":{"rendered":"<p class=\"ustmetin\">\u015easi ve Kaporta D\u00fczeltme Sistemi<\/p><p class=\"ortametin\">CELETTE <span class=\"ortametin2\">(Born in FRANCE)<\/span><\/p><p class=\"altmetin\">Rhone L-MZ<\/p>"},"content":{"rendered":"<ul>\n<li>Rampal\u0131 \u00f6zel platformlu makas liftli tezgah<\/li>\n<li>\u00dcniversal sistem (Bilgisayarl\u0131 \u00f6l\u00e7\u00fcm veya Kal\u0131p sistemi kullan\u0131m\u0131na uygun)<\/li>\n<li>Otomobil \u00fcreticilerinin \u00f6ng\u00f6rd\u00fc\u011f\u00fc tekerlekten<\/li>\n<li>kald\u0131rarak arac\u0131 ba\u011flama sistemi<\/li>\n<li>Ara\u00e7 etraf\u0131nda 360\u00ba \u00e7ektirme imkan\u0131<\/li>\n<li>Hi\u00e7bir yan ba\u011flama ma\u015fas\u0131 s\u00f6kmeden arac\u0131 h\u0131zl\u0131 bir \u015fekilde ba\u011flama imkan\u0131<\/li>\n<li>X,Y,Z boyutunda hareket eden y\u00fcksek yan ba\u011flama ma\u015falar\u0131<\/li>\n<li>Ara\u00e7 ta\u015f\u0131ma C sehpa seti<\/li>\n<li>Makas lift kald\u0131rma kapasitesi 4200 kg<\/li>\n<li>Kald\u0131rma y\u00fcksekli\u011fi 1340 mm<\/li>\n<li>Platform uzunlu\u011fu 5000 mm<\/li>\n<li>Toplam uzunluk 6620 mm<\/li>\n<li>\u00c7ektirme tertibat\u0131 ve hava hidrolikli ayakl\u0131 pompa (10000 kg)<\/li>\n<\/ul>\n","protected":false},"excerpt":{"rendered":"<ul>\n<li>Rampal\u0131 \u00f6zel platformlu makas liftli tezgah<\/li>\n<li>\u00dcniversal sistem (Bilgisayarl\u0131 \u00f6l\u00e7\u00fcm veya Kal\u0131p sistemi kullan\u0131m\u0131na uygun)<\/li>\n<li>Otomobil \u00fcreticilerinin \u00f6ng\u00f6rd\u00fc\u011f\u00fc tekerlekten<\/li>\n<li>kald\u0131rarak arac\u0131 ba\u011flama sistemi<\/li>\n<li>Ara\u00e7 etraf\u0131nda 360\u00ba \u00e7ektirme imkan\u0131<\/li>\n<li>Hi\u00e7bir yan ba\u011flama ma\u015fas\u0131 s\u00f6kmeden arac\u0131 h\u0131zl\u0131 bir \u015fekilde ba\u011flama imkan\u0131<\/li>\n<li>X,Y,Z boyutunda hareket eden y\u00fcksek yan ba\u011flama ma\u015falar\u0131<\/li>\n<li>Ara\u00e7 ta\u015f\u0131ma C sehpa seti<\/li>\n<li>Makas lift kald\u0131rma kapasitesi 4200 kg<\/li>\n<li>Kald\u0131rma y\u00fcksekli\u011fi 1340 mm<\/li>\n<li>Platform uzunlu\u011fu 5000 mm<\/li>\n<li>Toplam uzunluk 6620 mm<\/li>\n<li>\u00c7ektirme tertibat\u0131 ve hava hidrolikli ayakl\u0131 pompa (10000 kg)<\/li>\n<\/ul>\n","protected":false},"featured_media":6352,"comment_status":"open","ping_status":"closed","template":"","meta":[],"product_cat":[177],"product_tag":[],"class_list":["post-6208","product","type-product","status-publish","has-post-thumbnail","hentry","pwb-brand-celette","product_cat-sasi-ve-karoseri-duzeltme"],"brands":[{"id":382,"name":"CELETTE","slug":"celette"}],"yoast_head":"<!-- This site is optimized with the Yoast SEO plugin v17.1 - https:\/\/yoast.com\/wordpress\/plugins\/seo\/ -->\n<title>\u015easi ve Kaporta D\u00fczeltme SistemiCELETTE (Born in FRANCE)Rhone L-MZ - Bak\u0131rc\u0131 Garagineering<\/title>\n<meta name=\"robots\" content=\"index, follow, max-snippet:-1, max-image-preview:large, max-video-preview:-1\" \/>\n<link rel=\"canonical\" href=\"https:\/\/bakirci.com\/ekipman\/servis-ekipmanlari\/kaporta\/sasi-ve-karoseri-duzeltme\/sasi-ve-kaporta-duzeltme-sistemicelette-born-in-francerhone-l-mz\/\" \/>\n<meta property=\"og:locale\" content=\"tr_TR\" \/>\n<meta property=\"og:type\" content=\"article\" \/>\n<meta property=\"og:title\" content=\"\u015easi ve Kaporta D\u00fczeltme SistemiCELETTE (Born in FRANCE)Rhone L-MZ - Bak\u0131rc\u0131 Garagineering\" \/>\n<meta property=\"og:description\" content=\"Rampal\u0131 \u00f6zel platformlu makas liftli tezgah  \u00dcniversal sistem (Bilgisayarl\u0131 \u00f6l\u00e7\u00fcm veya Kal\u0131p sistemi kullan\u0131m\u0131na uygun)  Otomobil \u00fcreticilerinin \u00f6ng\u00f6rd\u00fc\u011f\u00fc tekerlekten  kald\u0131rarak arac\u0131 ba\u011flama sistemi  Ara\u00e7 etraf\u0131nda 360\u00ba \u00e7ektirme imkan\u0131  Hi\u00e7bir yan ba\u011flama ma\u015fas\u0131 s\u00f6kmeden arac\u0131 h\u0131zl\u0131 bir \u015fekilde ba\u011flama imkan\u0131  X,Y,Z boyutunda hareket eden y\u00fcksek yan ba\u011flama ma\u015falar\u0131  Ara\u00e7 ta\u015f\u0131ma C sehpa seti  Makas lift kald\u0131rma kapasitesi 4200 kg  Kald\u0131rma y\u00fcksekli\u011fi 1340 mm  Platform uzunlu\u011fu 5000 mm  Toplam uzunluk 6620 mm  \u00c7ektirme tertibat\u0131 ve hava hidrolikli ayakl\u0131 pompa (10000 kg)\" \/>\n<meta property=\"og:url\" content=\"https:\/\/bakirci.com\/ekipman\/servis-ekipmanlari\/kaporta\/sasi-ve-karoseri-duzeltme\/sasi-ve-kaporta-duzeltme-sistemicelette-born-in-francerhone-l-mz\/\" \/>\n<meta property=\"og:site_name\" content=\"Bak\u0131rc\u0131 Garagineering\" \/>\n<meta property=\"article:publisher\" content=\"https:\/\/www.facebook.com\/bakirci.garagineering\" \/>\n<meta property=\"article:modified_time\" content=\"2023-07-24T10:45:56+00:00\" \/>\n<meta property=\"og:image\" content=\"https:\/\/bakirci.com\/ekipman\/wp-content\/uploads\/2023\/07\/Sasi-ve-Kaporta-Duzeltme-Sistemi-\u2013-Rhone-L-MZ.png\" \/>\n\t<meta property=\"og:image:width\" content=\"1080\" \/>\n\t<meta property=\"og:image:height\" content=\"1080\" \/>\n<meta name=\"twitter:card\" content=\"summary_large_image\" \/>\n<script type=\"application\/ld+json\" class=\"yoast-schema-graph\">{\"@context\":\"https:\/\/schema.org\",\"@graph\":[{\"@type\":\"Organization\",\"@id\":\"https:\/\/bakirci.com\/ekipman\/#organization\",\"name\":\"Bak\\u0131rc\\u0131 garagineering\",\"url\":\"https:\/\/bakirci.com\/ekipman\/\",\"sameAs\":[\"https:\/\/www.facebook.com\/bakirci.garagineering\",\"https:\/\/www.instagram.com\/bakirci.garagineering\/\",\"https:\/\/www.linkedin.com\/company\/bakirci-garagineering\/\",\"https:\/\/www.youtube.com\/channel\/UCiVG6s_jALJ6Zk8085XiOQg\"],\"logo\":{\"@type\":\"ImageObject\",\"@id\":\"https:\/\/bakirci.com\/ekipman\/#logo\",\"inLanguage\":\"tr\",\"url\":\"https:\/\/bakirci.com\/ekipman\/wp-content\/uploads\/2021\/09\/Bakirci-logo-lacivert.png\",\"contentUrl\":\"https:\/\/bakirci.com\/ekipman\/wp-content\/uploads\/2021\/09\/Bakirci-logo-lacivert.png\",\"width\":501,\"height\":501,\"caption\":\"Bak\\u0131rc\\u0131 garagineering\"},\"image\":{\"@id\":\"https:\/\/bakirci.com\/ekipman\/#logo\"}},{\"@type\":\"WebSite\",\"@id\":\"https:\/\/bakirci.com\/ekipman\/#website\",\"url\":\"https:\/\/bakirci.com\/ekipman\/\",\"name\":\"Bak\\u0131rc\\u0131 Garagineering\",\"description\":\"Otomotiv sekt\\u00f6r\\u00fcne \\u00f6zel, \\u201c\\u00dcretici Standard\\u0131nda\\u201d \\u00e7\\u00f6z\\u00fcmler\\u2026\",\"publisher\":{\"@id\":\"https:\/\/bakirci.com\/ekipman\/#organization\"},\"potentialAction\":[{\"@type\":\"SearchAction\",\"target\":{\"@type\":\"EntryPoint\",\"urlTemplate\":\"https:\/\/bakirci.com\/ekipman\/?s={search_term_string}\"},\"query-input\":\"required name=search_term_string\"}],\"inLanguage\":\"tr\"},{\"@type\":\"ImageObject\",\"@id\":\"https:\/\/bakirci.com\/ekipman\/servis-ekipmanlari\/kaporta\/sasi-ve-karoseri-duzeltme\/sasi-ve-kaporta-duzeltme-sistemicelette-born-in-francerhone-l-mz\/#primaryimage\",\"inLanguage\":\"tr\",\"url\":\"https:\/\/bakirci.com\/ekipman\/wp-content\/uploads\/2023\/07\/Sasi-ve-Kaporta-Duzeltme-Sistemi-\\u2013-Rhone-L-MZ.png\",\"contentUrl\":\"https:\/\/bakirci.com\/ekipman\/wp-content\/uploads\/2023\/07\/Sasi-ve-Kaporta-Duzeltme-Sistemi-\\u2013-Rhone-L-MZ.png\",\"width\":1080,\"height\":1080},{\"@type\":\"WebPage\",\"@id\":\"https:\/\/bakirci.com\/ekipman\/servis-ekipmanlari\/kaporta\/sasi-ve-karoseri-duzeltme\/sasi-ve-kaporta-duzeltme-sistemicelette-born-in-francerhone-l-mz\/#webpage\",\"url\":\"https:\/\/bakirci.com\/ekipman\/servis-ekipmanlari\/kaporta\/sasi-ve-karoseri-duzeltme\/sasi-ve-kaporta-duzeltme-sistemicelette-born-in-francerhone-l-mz\/\",\"name\":\"\\u015easi ve Kaporta D\\u00fczeltme Sistemi CELETTE (Born in FRANCE) Rhone L-MZ - Bak\\u0131rc\\u0131 Garagineering\",\"isPartOf\":{\"@id\":\"https:\/\/bakirci.com\/ekipman\/#website\"},\"primaryImageOfPage\":{\"@id\":\"https:\/\/bakirci.com\/ekipman\/servis-ekipmanlari\/kaporta\/sasi-ve-karoseri-duzeltme\/sasi-ve-kaporta-duzeltme-sistemicelette-born-in-francerhone-l-mz\/#primaryimage\"},\"datePublished\":\"2021-01-02T11:03:24+00:00\",\"dateModified\":\"2023-07-24T10:45:56+00:00\",\"breadcrumb\":{\"@id\":\"https:\/\/bakirci.com\/ekipman\/servis-ekipmanlari\/kaporta\/sasi-ve-karoseri-duzeltme\/sasi-ve-kaporta-duzeltme-sistemicelette-born-in-francerhone-l-mz\/#breadcrumb\"},\"inLanguage\":\"tr\",\"potentialAction\":[{\"@type\":\"ReadAction\",\"target\":[\"https:\/\/bakirci.com\/ekipman\/servis-ekipmanlari\/kaporta\/sasi-ve-karoseri-duzeltme\/sasi-ve-kaporta-duzeltme-sistemicelette-born-in-francerhone-l-mz\/\"]}]},{\"@type\":\"BreadcrumbList\",\"@id\":\"https:\/\/bakirci.com\/ekipman\/servis-ekipmanlari\/kaporta\/sasi-ve-karoseri-duzeltme\/sasi-ve-kaporta-duzeltme-sistemicelette-born-in-francerhone-l-mz\/#breadcrumb\",\"itemListElement\":[{\"@type\":\"ListItem\",\"position\":1,\"name\":\"Ekipman\",\"item\":\"https:\/\/bakirci.com\/ekipman\/\"},{\"@type\":\"ListItem\",\"position\":2,\"name\":\"Otomotiv Tesisleri \\u0130\\u00e7in Servis Ekipmanlar\\u0131\",\"item\":\"https:\/\/bakirci.com\/ekipman\/\"},{\"@type\":\"ListItem\",\"position\":3,\"name\":\"\\u015easi ve Kaporta D\\u00fczeltme SistemiCELETTE (Born in FRANCE)Rhone L-MZ\"}]}]}<\/script>\n<!-- \/ Yoast SEO plugin. -->","yoast_head_json":{"title":"\u015easi ve Kaporta D\u00fczeltme SistemiCELETTE (Born in FRANCE)Rhone L-MZ - Bak\u0131rc\u0131 Garagineering","robots":{"index":"index","follow":"follow","max-snippet":"max-snippet:-1","max-image-preview":"max-image-preview:large","max-video-preview":"max-video-preview:-1"},"canonical":"https:\/\/bakirci.com\/ekipman\/servis-ekipmanlari\/kaporta\/sasi-ve-karoseri-duzeltme\/sasi-ve-kaporta-duzeltme-sistemicelette-born-in-francerhone-l-mz\/","og_locale":"tr_TR","og_type":"article","og_title":"\u015easi ve Kaporta D\u00fczeltme SistemiCELETTE (Born in FRANCE)Rhone L-MZ - Bak\u0131rc\u0131 Garagineering","og_description":"Rampal\u0131 \u00f6zel platformlu makas liftli tezgah  \u00dcniversal sistem (Bilgisayarl\u0131 \u00f6l\u00e7\u00fcm veya Kal\u0131p sistemi kullan\u0131m\u0131na uygun)  Otomobil \u00fcreticilerinin \u00f6ng\u00f6rd\u00fc\u011f\u00fc tekerlekten  kald\u0131rarak arac\u0131 ba\u011flama sistemi  Ara\u00e7 etraf\u0131nda 360\u00ba \u00e7ektirme imkan\u0131  Hi\u00e7bir yan ba\u011flama ma\u015fas\u0131 s\u00f6kmeden arac\u0131 h\u0131zl\u0131 bir \u015fekilde ba\u011flama imkan\u0131  X,Y,Z boyutunda hareket eden y\u00fcksek yan ba\u011flama ma\u015falar\u0131  Ara\u00e7 ta\u015f\u0131ma C sehpa seti  Makas lift kald\u0131rma kapasitesi 4200 kg  Kald\u0131rma y\u00fcksekli\u011fi 1340 mm  Platform uzunlu\u011fu 5000 mm  Toplam uzunluk 6620 mm  \u00c7ektirme tertibat\u0131 ve hava hidrolikli ayakl\u0131 pompa (10000 kg)","og_url":"https:\/\/bakirci.com\/ekipman\/servis-ekipmanlari\/kaporta\/sasi-ve-karoseri-duzeltme\/sasi-ve-kaporta-duzeltme-sistemicelette-born-in-francerhone-l-mz\/","og_site_name":"Bak\u0131rc\u0131 Garagineering","article_publisher":"https:\/\/www.facebook.com\/bakirci.garagineering","article_modified_time":"2023-07-24T10:45:56+00:00","og_image":[{"width":1080,"height":1080,"filesize":1039755,"url":"https:\/\/bakirci.com\/ekipman\/wp-content\/uploads\/2023\/07\/Sasi-ve-Kaporta-Duzeltme-Sistemi-\u2013-Rhone-L-MZ.png","path":"\/home\/bakirciwebsitesi\/public_html\/ekipman\/wp-content\/uploads\/2023\/07\/Sasi-ve-Kaporta-Duzeltme-Sistemi-\u2013-Rhone-L-MZ.png","size":"full","id":6352,"alt":"","pixels":1166400,"type":"image\/png"}],"twitter_card":"summary_large_image","schema":{"@context":"https:\/\/schema.org","@graph":[{"@type":"Organization","@id":"https:\/\/bakirci.com\/ekipman\/#organization","name":"Bak\u0131rc\u0131 garagineering","url":"https:\/\/bakirci.com\/ekipman\/","sameAs":["https:\/\/www.facebook.com\/bakirci.garagineering","https:\/\/www.instagram.com\/bakirci.garagineering\/","https:\/\/www.linkedin.com\/company\/bakirci-garagineering\/","https:\/\/www.youtube.com\/channel\/UCiVG6s_jALJ6Zk8085XiOQg"],"logo":{"@type":"ImageObject","@id":"https:\/\/bakirci.com\/ekipman\/#logo","inLanguage":"tr","url":"https:\/\/bakirci.com\/ekipman\/wp-content\/uploads\/2021\/09\/Bakirci-logo-lacivert.png","contentUrl":"https:\/\/bakirci.com\/ekipman\/wp-content\/uploads\/2021\/09\/Bakirci-logo-lacivert.png","width":501,"height":501,"caption":"Bak\u0131rc\u0131 garagineering"},"image":{"@id":"https:\/\/bakirci.com\/ekipman\/#logo"}},{"@type":"WebSite","@id":"https:\/\/bakirci.com\/ekipman\/#website","url":"https:\/\/bakirci.com\/ekipman\/","name":"Bak\u0131rc\u0131 Garagineering","description":"Otomotiv sekt\u00f6r\u00fcne \u00f6zel, \u201c\u00dcretici Standard\u0131nda\u201d \u00e7\u00f6z\u00fcmler\u2026","publisher":{"@id":"https:\/\/bakirci.com\/ekipman\/#organization"},"potentialAction":[{"@type":"SearchAction","target":{"@type":"EntryPoint","urlTemplate":"https:\/\/bakirci.com\/ekipman\/?s={search_term_string}"},"query-input":"required name=search_term_string"}],"inLanguage":"tr"},{"@type":"ImageObject","@id":"https:\/\/bakirci.com\/ekipman\/servis-ekipmanlari\/kaporta\/sasi-ve-karoseri-duzeltme\/sasi-ve-kaporta-duzeltme-sistemicelette-born-in-francerhone-l-mz\/#primaryimage","inLanguage":"tr","url":"https:\/\/bakirci.com\/ekipman\/wp-content\/uploads\/2023\/07\/Sasi-ve-Kaporta-Duzeltme-Sistemi-\u2013-Rhone-L-MZ.png","contentUrl":"https:\/\/bakirci.com\/ekipman\/wp-content\/uploads\/2023\/07\/Sasi-ve-Kaporta-Duzeltme-Sistemi-\u2013-Rhone-L-MZ.png","width":1080,"height":1080},{"@type":"WebPage","@id":"https:\/\/bakirci.com\/ekipman\/servis-ekipmanlari\/kaporta\/sasi-ve-karoseri-duzeltme\/sasi-ve-kaporta-duzeltme-sistemicelette-born-in-francerhone-l-mz\/#webpage","url":"https:\/\/bakirci.com\/ekipman\/servis-ekipmanlari\/kaporta\/sasi-ve-karoseri-duzeltme\/sasi-ve-kaporta-duzeltme-sistemicelette-born-in-francerhone-l-mz\/","name":"\u015easi ve Kaporta D\u00fczeltme Sistemi CELETTE (Born in FRANCE) Rhone L-MZ - Bak\u0131rc\u0131 Garagineering","isPartOf":{"@id":"https:\/\/bakirci.com\/ekipman\/#website"},"primaryImageOfPage":{"@id":"https:\/\/bakirci.com\/ekipman\/servis-ekipmanlari\/kaporta\/sasi-ve-karoseri-duzeltme\/sasi-ve-kaporta-duzeltme-sistemicelette-born-in-francerhone-l-mz\/#primaryimage"},"datePublished":"2021-01-02T11:03:24+00:00","dateModified":"2023-07-24T10:45:56+00:00","breadcrumb":{"@id":"https:\/\/bakirci.com\/ekipman\/servis-ekipmanlari\/kaporta\/sasi-ve-karoseri-duzeltme\/sasi-ve-kaporta-duzeltme-sistemicelette-born-in-francerhone-l-mz\/#breadcrumb"},"inLanguage":"tr","potentialAction":[{"@type":"ReadAction","target":["https:\/\/bakirci.com\/ekipman\/servis-ekipmanlari\/kaporta\/sasi-ve-karoseri-duzeltme\/sasi-ve-kaporta-duzeltme-sistemicelette-born-in-francerhone-l-mz\/"]}]},{"@type":"BreadcrumbList","@id":"https:\/\/bakirci.com\/ekipman\/servis-ekipmanlari\/kaporta\/sasi-ve-karoseri-duzeltme\/sasi-ve-kaporta-duzeltme-sistemicelette-born-in-francerhone-l-mz\/#breadcrumb","itemListElement":[{"@type":"ListItem","position":1,"name":"Ekipman","item":"https:\/\/bakirci.com\/ekipman\/"},{"@type":"ListItem","position":2,"name":"Otomotiv Tesisleri \u0130\u00e7in Servis Ekipmanlar\u0131","item":"https:\/\/bakirci.com\/ekipman\/"},{"@type":"ListItem","position":3,"name":"\u015easi ve Kaporta D\u00fczeltme SistemiCELETTE (Born in FRANCE)Rhone L-MZ"}]}]}},"_links":{"self":[{"href":"https:\/\/bakirci.com\/ekipman\/wp-json\/wp\/v2\/product\/6208","targetHints":{"allow":["GET"]}}],"collection":[{"href":"https:\/\/bakirci.com\/ekipman\/wp-json\/wp\/v2\/product"}],"about":[{"href":"https:\/\/bakirci.com\/ekipman\/wp-json\/wp\/v2\/types\/product"}],"replies":[{"embeddable":true,"href":"https:\/\/bakirci.com\/ekipman\/wp-json\/wp\/v2\/comments?post=6208"}],"wp:featuredmedia":[{"embeddable":true,"href":"https:\/\/bakirci.com\/ekipman\/wp-json\/wp\/v2\/media\/6352"}],"wp:attachment":[{"href":"https:\/\/bakirci.com\/ekipman\/wp-json\/wp\/v2\/media?parent=6208"}],"wp:term":[{"taxonomy":"product_cat","embeddable":true,"href":"https:\/\/bakirci.com\/ekipman\/wp-json\/wp\/v2\/product_cat?post=6208"},{"taxonomy":"product_tag","embeddable":true,"href":"https:\/\/bakirci.com\/ekipman\/wp-json\/wp\/v2\/product_tag?post=6208"}],"curies":[{"name":"wp","href":"https:\/\/api.w.org\/{rel}","templated":true}]}}